{"id":1472,"date":"2019-03-22T11:31:48","date_gmt":"2019-03-22T10:31:48","guid":{"rendered":"http:\/\/ucjgalsace.org\/cms\/?page_id=1472"},"modified":"2019-03-23T11:50:11","modified_gmt":"2019-03-23T10:50:11","slug":"decouvre-ton-voisin-franco-allemand","status":"publish","type":"page","link":"https:\/\/ucjgalsace.org\/cms\/les-camps-de-cet-ete-2019-2\/decouvre-ton-voisin-franco-allemand\/","title":{"rendered":"Rencontre ton voisin ! Franco-allemand"},"content":{"rendered":"<div id=\"pl-1472\"  class=\"panel-layout\" ><div id=\"pg-1472-0\"  class=\"panel-grid panel-no-style\" ><div id=\"pgc-1472-0-0\"  class=\"panel-grid-cell\" ><div id=\"panel-1472-0-0-0\" class=\"so-panel widget widget_sow-editor panel-first-child panel-last-child\" data-index=\"0\" ><div\n\t\t\t\n\t\t\tclass=\"so-widget-sow-editor so-widget-sow-editor-base\"\n\t\t\t\n\t\t>\n<div class=\"siteorigin-widget-tinymce textwidget\">\n\t<p><strong>Les YMCA-UCJG Alsace pr\u00e9sentent<\/strong><\/p>\n<\/div>\n<\/div><\/div><\/div><\/div><div id=\"pg-1472-1\"  class=\"panel-grid panel-no-style\" ><div id=\"pgc-1472-1-0\"  class=\"panel-grid-cell\" ><div id=\"panel-1472-1-0-0\" class=\"so-panel widget widget_sow-hero panel-first-child panel-last-child\" data-index=\"1\" ><div\n\t\t\t\n\t\t\tclass=\"so-widget-sow-hero so-widget-sow-hero-default-80c68c80696d-1472 so-widget-fittext-wrapper\"\n\t\t\t data-fit-text-compressor=\"0.85\"\n\t\t>\t\t\t\t<div class=\"sow-slider-base\" style=\"display: none\" tabindex=\"0\">\n\t\t\t\t\t<ul\n\t\t\t\t\tclass=\"sow-slider-images\"\n\t\t\t\t\tdata-settings=\"{&quot;pagination&quot;:true,&quot;speed&quot;:800,&quot;timeout&quot;:8000,&quot;paused&quot;:false,&quot;pause_on_hover&quot;:false,&quot;swipe&quot;:true,&quot;nav_always_show_desktop&quot;:&quot;&quot;,&quot;nav_always_show_mobile&quot;:&quot;&quot;,&quot;breakpoint&quot;:&quot;780px&quot;,&quot;unmute&quot;:false,&quot;anchor&quot;:null}\"\n\t\t\t\t\t\t\t\t\t\tdata-anchor-id=\"\"\n\t\t\t\t>\t\t<li class=\"sow-slider-image  sow-slider-image-cover\" style=\"visibility: visible;;background-color: #333333\" >\n\t\t\t\t\t<div class=\"sow-slider-image-container\">\n\t\t\t<div class=\"sow-slider-image-wrapper\">\n\t\t\t\t<h1 style=\"text-align: center\">D\u00e9couvre ton voisin !<\/h1><h2 style=\"text-align: center\">11-14 ans<\/h2><div class=\"sow-hero-buttons\" style=\"text-align: center\"><div\n\t\t\t\n\t\t\tclass=\"so-widget-sow-button so-widget-sow-button-flat-1c6cae05aa61\"\n\t\t\t\n\t\t><div class=\"ow-button-base ow-button-align-center\"\n>\n\t\t\t<a\n\t\t\t\t\thref=\"https:\/\/ucjgalsace.org\/cms\/pre-inscription-a-un-camp\/\"\n\t\t\t\t\tclass=\"sowb-button ow-icon-placement-left ow-button-hover\" \t>\n\t\t<span>\n\t\t\t<span class=\"sow-icon-fontawesome sow-fas\" data-sow-icon=\"&#xf105;\"\n\t\tstyle=\"\" \n\t\taria-hidden=\"true\"><\/span>\n\t\t\tPr\u00e9-inscrire mon enfant\t\t<\/span>\n\t\t\t<\/a>\n\t<\/div>\n<\/div><\/div>\t\t\t<\/div>\n\t\t<\/div>\n\t\t<div class=\"sow-slider-image-overlay sow-slider-image-cover\" style=\"opacity: 0.6;background-image: url(https:\/\/ucjgalsace.org\/cms\/wp-content\/uploads\/2018\/02\/Franco-Allemand_16.jpg)\"  ><\/div>\t\t<\/li>\n\t\t<\/ul>\t\t\t\t<ol class=\"sow-slider-pagination\">\n\t\t\t\t\t\t\t\t\t\t\t<li><a href=\"#\" data-goto=\"0\" aria-label=\"Display slide 1\"><\/a><\/li>\n\t\t\t\t\t\t\t\t\t<\/ol>\n\n\t\t\t\t<div class=\"sow-slide-nav sow-slide-nav-next\">\n\t\t\t\t\t<a href=\"#\" data-goto=\"next\" aria-label=\"Next slide\" data-action=\"next\">\n\t\t\t\t\t\t<em class=\"sow-sld-icon-thin-right\"><\/em>\n\t\t\t\t\t<\/a>\n\t\t\t\t<\/div>\n\n\t\t\t\t<div class=\"sow-slide-nav sow-slide-nav-prev\">\n\t\t\t\t\t<a href=\"#\" data-goto=\"previous\" aria-label=\"Previous slide\" data-action=\"prev\">\n\t\t\t\t\t\t<em class=\"sow-sld-icon-thin-left\"><\/em>\n\t\t\t\t\t<\/a>\n\t\t\t\t<\/div>\n\t\t\t\t<\/div><\/div><\/div><\/div><\/div><div id=\"pg-1472-2\"  class=\"panel-grid panel-no-style\" ><div id=\"pgc-1472-2-0\"  class=\"panel-grid-cell\" ><div id=\"panel-1472-2-0-0\" class=\"so-panel widget widget_sow-headline panel-first-child\" data-index=\"2\" ><div\n\t\t\t\n\t\t\tclass=\"so-widget-sow-headline so-widget-sow-headline-default-338ea1108df4-1472\"\n\t\t\t\n\t\t><div class=\"sow-headline-container \">\n\t\t\t\t\t\t\t<h1 class=\"sow-headline\">\n\t\t\t\t\t\tTu souhaites am\u00e9liorer ton allemand en t\u2019amusant ? \u00ab Rencontre ton voisin \u00bb est fait pour toi ! Se faire de nouveaux amis et apprendre en s\u2019amusant seront les ma\u00eetres mots de ce s\u00e9jour franco-allemand.\t\t\t\t\t\t<\/h1>\n\t\t\t\t\t\t\t\t\t\t\t<div class=\"decoration\">\n\t\t\t\t\t\t<div class=\"decoration-inside\"><\/div>\n\t\t\t\t\t<\/div>\n\t\t\t\t\t<\/div>\n<\/div><\/div><div id=\"panel-1472-2-0-1\" class=\"so-panel widget widget_sow-editor\" data-index=\"3\" ><div\n\t\t\t\n\t\t\tclass=\"so-widget-sow-editor so-widget-sow-editor-base\"\n\t\t\t\n\t\t>\n<div class=\"siteorigin-widget-tinymce textwidget\">\n\t<p>Tu souhaites vivre une aventure unique, et te faire de nouveaux amis allemands ?<br \/>Cette ann\u00e9e, le s\u00e9jour franco-allemand \u00ab Rencontre ton voisin \u00bb se d\u00e9roulera dans le Jura. L\u2019occasion de d\u00e9couvrir une r\u00e9gion riche en culture.<br \/>Dans un cadre unique, tu seras amen\u00e9 \u00e0 participer activement \u00e0 la vie du groupe, et \u00e0 prendre des d\u00e9cisions. Au programme, des activit\u00e9s sportives et culturelles, des visites, des animations linguistiques, des temps de partage et bien plus encore\u2026 pour un \u00e9t\u00e9 que tu n\u2019es pas pr\u00eat d\u2019oublier avec les YMCA !<\/p>\n<p>Alors qu'est ce que tu attends ? Viens vite nous rejoindre YMCA !<\/p>\n<\/div>\n<\/div><\/div><div id=\"panel-1472-2-0-2\" class=\"so-panel widget widget_sow-features panel-last-child\" data-index=\"4\" ><div\n\t\t\t\n\t\t\tclass=\"so-widget-sow-features so-widget-sow-features-default-efe2baf65fd3-1472\"\n\t\t\t\n\t\t><ul\n\tclass=\"sow-features-list\n\tsow-features-responsive\">\n\n\t\t\t<li\n\t\t\tclass=\"sow-features-feature sow-icon-container-position-top\"\n\t\t\tstyle=\"display: flex; flex-direction: column; width: calc(33.333% - 25px);\"\n\t\t>\n\t\t\t\n\t\t\t\t\t\t<div\t\t\t\tclass=\"sow-icon-container sow-container-round\"\n\t\t\t\tstyle=\"color: #edb347; \"\n\t\t\t\t\n\t\t\t\t\t\t\t>\n\t\t\t\t<span class=\"sow-icon-fontawesome sow-fas\" data-sow-icon=\"&#xf041;\"\n\t\tstyle=\"font-size: 40px; color: #FFFFFF\" \n\t\taria-hidden=\"true\"><\/span>\t\t\t<\/div>\n\n\t\t\t<div class=\"textwidget\">\n\t\t\t\t\n\t\t\t\t\n\t\t\t\t\t\t\t\t\t<div class=\"sow-features-feature-text\">\n\t\t\t\t\t39150 Chaux des Crotenay. Transport collectif \u00e0 partir de Strasbourg\t\t\t\t\t<\/div>\n\t\t\t\t\t\t\t\t<\/div>\n\t\t\t\t\t\t\t\t<\/li>\n\n\t\t\t<li\n\t\t\tclass=\"sow-features-feature sow-icon-container-position-top\"\n\t\t\tstyle=\"display: flex; flex-direction: column; width: calc(33.333% - 25px);\"\n\t\t>\n\t\t\t\n\t\t\t\t\t\t<div\t\t\t\tclass=\"sow-icon-container sow-container-round\"\n\t\t\t\tstyle=\"color: #edb347; \"\n\t\t\t\t\n\t\t\t\t\t\t\t>\n\t\t\t\t\t\t\t<\/div>\n\n\t\t\t<div class=\"textwidget\">\n\t\t\t\t\n\t\t\t\t\n\t\t\t\t\t\t\t\t\t<div class=\"sow-features-feature-text\">\n\t\t\t\t\tDu 27 juillet au 3 ao\u00fbt 2019\t\t\t\t\t<\/div>\n\t\t\t\t\t\t\t\t<\/div>\n\t\t\t\t\t\t\t\t<\/li>\n\n\t\t\t<li\n\t\t\tclass=\"sow-features-feature sow-icon-container-position-top\"\n\t\t\tstyle=\"display: flex; flex-direction: column; width: calc(33.333% - 25px);\"\n\t\t>\n\t\t\t\n\t\t\t\t\t\t<div\t\t\t\tclass=\"sow-icon-container sow-container-round\"\n\t\t\t\tstyle=\"color: #edb347; \"\n\t\t\t\t\n\t\t\t\t\t\t\t>\n\t\t\t\t<span class=\"sow-icon-fontawesome sow-fas\" data-sow-icon=\"&#xf0c0;\"\n\t\tstyle=\"font-size: 40px; color: #FFFFFF\" \n\t\taria-hidden=\"true\"><\/span>\t\t\t<\/div>\n\n\t\t\t<div class=\"textwidget\">\n\t\t\t\t\n\t\t\t\t\n\t\t\t\t\t\t\t\t\t<div class=\"sow-features-feature-text\">\n\t\t\t\t\t24 jeunes de 11 \u00e0 14 ans (12 Fran\u00e7ais, 12 Allemands)\t\t\t\t\t<\/div>\n\t\t\t\t\t\t\t\t<\/div>\n\t\t\t\t\t\t\t\t<\/li>\n\n\t\t\t<li\n\t\t\tclass=\"sow-features-feature sow-icon-container-position-top\"\n\t\t\tstyle=\"display: flex; flex-direction: column; width: calc(33.333% - 25px);\"\n\t\t>\n\t\t\t\n\t\t\t\t\t\t<div\t\t\t\tclass=\"sow-icon-container sow-container-round\"\n\t\t\t\tstyle=\"color: #edb347; \"\n\t\t\t\t\n\t\t\t\t\t\t\t>\n\t\t\t\t<span class=\"sow-icon-fontawesome sow-fas\" data-sow-icon=\"&#xf1c0;\"\n\t\tstyle=\"font-size: 40px; color: #FFFFFF\" \n\t\taria-hidden=\"true\"><\/span>\t\t\t<\/div>\n\n\t\t\t<div class=\"textwidget\">\n\t\t\t\t\n\t\t\t\t\n\t\t\t\t\t\t\t\t\t<div class=\"sow-features-feature-text\">\n\t\t\t\t\t320\u20ac\t\t\t\t\t<\/div>\n\t\t\t\t\t\t\t\t<\/div>\n\t\t\t\t\t\t\t\t<\/li>\n\n\t\t\t<li\n\t\t\tclass=\"sow-features-feature sow-icon-container-position-top\"\n\t\t\tstyle=\"display: flex; flex-direction: column; width: calc(33.333% - 25px);\"\n\t\t>\n\t\t\t\n\t\t\t\t\t\t<div\t\t\t\tclass=\"sow-icon-container sow-container-round\"\n\t\t\t\tstyle=\"color: #edb347; \"\n\t\t\t\t\n\t\t\t\t\t\t\t>\n\t\t\t\t<span class=\"sow-icon-fontawesome sow-fas\" data-sow-icon=\"&#xf236;\"\n\t\tstyle=\"font-size: 40px; color: #FFFFFF\" \n\t\taria-hidden=\"true\"><\/span>\t\t\t<\/div>\n\n\t\t\t<div class=\"textwidget\">\n\t\t\t\t\n\t\t\t\t\n\t\t\t\t\t\t\t\t\t<div class=\"sow-features-feature-text\">\n\t\t\t\t\tDortoirs\t\t\t\t\t<\/div>\n\t\t\t\t\t\t\t\t<\/div>\n\t\t\t\t\t\t\t\t<\/li>\n\n\t\t\t<li\n\t\t\tclass=\"sow-features-feature sow-icon-container-position-top\"\n\t\t\tstyle=\"display: flex; flex-direction: column; width: calc(33.333% - 25px);\"\n\t\t>\n\t\t\t\n\t\t\t\t\t\t<div\t\t\t\tclass=\"sow-icon-container sow-container-round\"\n\t\t\t\tstyle=\"color: #edb347; \"\n\t\t\t\t\n\t\t\t\t\t\t\t>\n\t\t\t\t<span class=\"sow-icon-fontawesome sow-fas\" data-sow-icon=\"&#xf207;\"\n\t\tstyle=\"font-size: 40px; color: #FFFFFF\" \n\t\taria-hidden=\"true\"><\/span>\t\t\t<\/div>\n\n\t\t\t<div class=\"textwidget\">\n\t\t\t\t\n\t\t\t\t\n\t\t\t\t\t\t\t\t\t<div class=\"sow-features-feature-text\">\n\t\t\t\t\tPossibilit\u00e9 de transports collectifs au d\u00e9part de Strasbourg\t\t\t\t\t<\/div>\n\t\t\t\t\t\t\t\t<\/div>\n\t\t\t\t\t\t\t\t<\/li>\n\n\t<\/ul>\n<\/div><\/div><\/div><\/div><div id=\"pg-1472-3\"  class=\"panel-grid panel-no-style\" ><div id=\"pgc-1472-3-0\"  class=\"panel-grid-cell panel-grid-cell-mobile-last\" ><div id=\"panel-1472-3-0-0\" class=\"so-panel widget widget_sow-editor panel-first-child panel-last-child\" data-index=\"5\" ><div\n\t\t\t\n\t\t\tclass=\"so-widget-sow-editor so-widget-sow-editor-base\"\n\t\t\t\n\t\t>\n<div class=\"siteorigin-widget-tinymce textwidget\">\n\t<p><span style=\"color: #00ff00;\">Inscription ouverte !<\/span><span style=\"color: #ff0000;\"><br \/><\/span><\/p>\n<\/div>\n<\/div><\/div><\/div><div id=\"pgc-1472-3-1\"  class=\"panel-grid-cell panel-grid-cell-empty\" ><\/div><\/div><div id=\"pg-1472-4\"  class=\"panel-grid panel-no-style\" ><div id=\"pgc-1472-4-0\"  class=\"panel-grid-cell\" ><div id=\"panel-1472-4-0-0\" class=\"so-panel widget widget_sow-button panel-first-child\" data-index=\"6\" ><div\n\t\t\t\n\t\t\tclass=\"so-widget-sow-button so-widget-sow-button-wire-a2a6b42493e1-1472\"\n\t\t\t\n\t\t><div class=\"ow-button-base ow-button-align-center\"\n>\n\t\t\t<a\n\t\t\t\t\thref=\"http:\/\/ucjgalsace.org\/cms\/wp-content\/uploads\/2019\/03\/fiche-dinscription-camps-jeunes-2019.pdf\"\n\t\t\t\t\tclass=\"sowb-button ow-icon-placement-left ow-button-hover\" target=\"_blank\" rel=\"noopener noreferrer\" \t>\n\t\t<span>\n\t\t\t<span class=\"sow-icon-fontawesome sow-fas\" data-sow-icon=\"&#xf105;\"\n\t\tstyle=\"\" \n\t\taria-hidden=\"true\"><\/span>\n\t\t\tT\u00e9l\u00e9charger la fiche d'inscription\t\t<\/span>\n\t\t\t<\/a>\n\t<\/div>\n<\/div><\/div><div id=\"panel-1472-4-0-1\" class=\"so-panel widget widget_sow-button panel-last-child\" data-index=\"7\" ><div\n\t\t\t\n\t\t\tclass=\"so-widget-sow-button so-widget-sow-button-wire-a2a6b42493e1-1472\"\n\t\t\t\n\t\t><div class=\"ow-button-base ow-button-align-center\"\n>\n\t\t\t<a\n\t\t\t\t\thref=\"http:\/\/ucjgalsace.org\/cms\/wp-content\/uploads\/2019\/03\/Fiche_sanitaire-cerfa-n\u00b085-0233.pdf\"\n\t\t\t\t\tclass=\"sowb-button ow-icon-placement-left ow-button-hover\" target=\"_blank\" rel=\"noopener noreferrer\" \t>\n\t\t<span>\n\t\t\t<span class=\"sow-icon-fontawesome sow-fas\" data-sow-icon=\"&#xf105;\"\n\t\tstyle=\"\" \n\t\taria-hidden=\"true\"><\/span>\n\t\t\tT\u00e9l\u00e9charger la fiche sanitaire de liaisn\t\t<\/span>\n\t\t\t<\/a>\n\t<\/div>\n<\/div><\/div><\/div><div id=\"pgc-1472-4-1\"  class=\"panel-grid-cell panel-grid-cell-mobile-last\" ><div id=\"panel-1472-4-1-0\" class=\"so-panel widget widget_sow-button panel-first-child panel-last-child\" data-index=\"8\" ><div\n\t\t\t\n\t\t\tclass=\"so-widget-sow-button so-widget-sow-button-wire-a2a6b42493e1-1472\"\n\t\t\t\n\t\t><div class=\"ow-button-base ow-button-align-center\"\n>\n\t\t\t<a\n\t\t\t\t\thref=\"http:\/\/ucjgalsace.org\/cms\/wp-content\/uploads\/2019\/03\/Flyer-Rencontre-ton-voisin_A5.pdf\"\n\t\t\t\t\tclass=\"sowb-button ow-icon-placement-left ow-button-hover\" target=\"_blank\" rel=\"noopener noreferrer\" \t>\n\t\t<span>\n\t\t\t<span class=\"sow-icon-fontawesome sow-fas\" data-sow-icon=\"&#xf105;\"\n\t\tstyle=\"\" \n\t\taria-hidden=\"true\"><\/span>\n\t\t\tT\u00e9l\u00e9charger le flyer\t\t<\/span>\n\t\t\t<\/a>\n\t<\/div>\n<\/div><\/div><\/div><div id=\"pgc-1472-4-2\"  class=\"panel-grid-cell panel-grid-cell-empty\" ><\/div><\/div><div id=\"pg-1472-5\"  class=\"panel-grid panel-no-style\" ><div id=\"pgc-1472-5-0\"  class=\"panel-grid-cell\" ><div id=\"panel-1472-5-0-0\" class=\"so-panel widget widget_sow-image panel-first-child panel-last-child\" data-index=\"9\" ><div\n\t\t\t\n\t\t\tclass=\"so-widget-sow-image so-widget-sow-image-default-8b5b6f678277-1472\"\n\t\t\t\n\t\t>\n<div class=\"sow-image-container\">\n\t\t<img \n\tsrc=\"https:\/\/ucjgalsace.org\/cms\/wp-content\/uploads\/2017\/02\/ofaj-dfjw.png\" width=\"580\" height=\"443\" srcset=\"https:\/\/ucjgalsace.org\/cms\/wp-content\/uploads\/2017\/02\/ofaj-dfjw.png 580w, https:\/\/ucjgalsace.org\/cms\/wp-content\/uploads\/2017\/02\/ofaj-dfjw-420x321.png 420w\" sizes=\"(max-width: 580px) 100vw, 580px\" alt=\"\" \t\tclass=\"so-widget-image\"\/>\n\t<\/div>\n\n<\/div><\/div><\/div><div id=\"pgc-1472-5-1\"  class=\"panel-grid-cell\" ><div id=\"panel-1472-5-1-0\" class=\"so-panel widget widget_sow-editor panel-first-child panel-last-child\" data-index=\"10\" ><div\n\t\t\t\n\t\t\tclass=\"so-widget-sow-editor so-widget-sow-editor-base\"\n\t\t\t\n\t\t>\n<div class=\"siteorigin-widget-tinymce textwidget\">\n\t<p>Agr\u00e9ments: Jeunesse et Sports, et \u00c9ducation Populaire<\/p>\n<\/div>\n<\/div><\/div><\/div><\/div><\/div><!-- AddThis Advanced Settings generic via filter on the_content --><!-- AddThis Share Buttons generic via filter on the_content -->","protected":false},"excerpt":{"rendered":"<p>Les YMCA-UCJG Alsace pr\u00e9sentent<!-- AddThis Advanced Settings generic via filter on get_the_excerpt --><!-- AddThis Share Buttons generic via filter on get_the_excerpt --><\/p>\n","protected":false},"author":4,"featured_media":1493,"parent":1411,"menu_order":0,"comment_status":"closed","ping_status":"closed","template":"","meta":{"jetpack_post_was_ever_published":false,"footnotes":""},"class_list":["post-1472","page","type-page","status-publish","has-post-thumbnail","hentry"],"jetpack_sharing_enabled":true,"jetpack_shortlink":"https:\/\/wp.me\/P8nbU3-nK","_links":{"self":[{"href":"https:\/\/ucjgalsace.org\/cms\/wp-json\/wp\/v2\/pages\/1472","targetHints":{"allow":["GET"]}}],"collection":[{"href":"https:\/\/ucjgalsace.org\/cms\/wp-json\/wp\/v2\/pages"}],"about":[{"href":"https:\/\/ucjgalsace.org\/cms\/wp-json\/wp\/v2\/types\/page"}],"author":[{"embeddable":true,"href":"https:\/\/ucjgalsace.org\/cms\/wp-json\/wp\/v2\/users\/4"}],"replies":[{"embeddable":true,"href":"https:\/\/ucjgalsace.org\/cms\/wp-json\/wp\/v2\/comments?post=1472"}],"version-history":[{"count":2,"href":"https:\/\/ucjgalsace.org\/cms\/wp-json\/wp\/v2\/pages\/1472\/revisions"}],"predecessor-version":[{"id":1486,"href":"https:\/\/ucjgalsace.org\/cms\/wp-json\/wp\/v2\/pages\/1472\/revisions\/1486"}],"up":[{"embeddable":true,"href":"https:\/\/ucjgalsace.org\/cms\/wp-json\/wp\/v2\/pages\/1411"}],"wp:featuredmedia":[{"embeddable":true,"href":"https:\/\/ucjgalsace.org\/cms\/wp-json\/wp\/v2\/media\/1493"}],"wp:attachment":[{"href":"https:\/\/ucjgalsace.org\/cms\/wp-json\/wp\/v2\/media?parent=1472"}],"curies":[{"name":"wp","href":"https:\/\/api.w.org\/{rel}","templated":true}]}}