{"id":976,"date":"2017-02-07T18:51:27","date_gmt":"2017-02-07T17:51:27","guid":{"rendered":"http:\/\/ucjgalsace.org\/cms\/?page_id=976"},"modified":"2018-04-04T15:54:28","modified_gmt":"2018-04-04T14:54:28","slug":"cest-parti-pour-la-normandie","status":"publish","type":"page","link":"https:\/\/ucjgalsace.org\/cms\/les-camps-de-lete-2018\/cest-parti-pour-la-normandie\/","title":{"rendered":"C&rsquo;est parti pour la Normandie ! &#8211; Franco-Allemand"},"content":{"rendered":"<div id=\"pl-976\"  class=\"panel-layout\" ><div id=\"pg-976-0\"  class=\"panel-grid panel-no-style\" ><div id=\"pgc-976-0-0\"  class=\"panel-grid-cell\" ><div id=\"panel-976-0-0-0\" class=\"so-panel widget widget_sow-editor panel-first-child panel-last-child\" data-index=\"0\" ><div\n\t\t\t\n\t\t\tclass=\"so-widget-sow-editor so-widget-sow-editor-base\"\n\t\t\t\n\t\t>\n<div class=\"siteorigin-widget-tinymce textwidget\">\n\t<p><strong>Les YMCA-UCJG Alsace pr\u00e9sentent<\/strong><\/p>\n<p>\u00a0<\/p>\n<\/div>\n<\/div><\/div><\/div><\/div><div id=\"pg-976-1\"  class=\"panel-grid panel-has-style\" ><div class=\"siteorigin-panels-stretch panel-row-style panel-row-style-for-976-1\" data-stretch-type=\"full-stretched\" ><div id=\"pgc-976-1-0\"  class=\"panel-grid-cell\" ><div id=\"panel-976-1-0-0\" class=\"so-panel widget widget_sow-hero panel-first-child panel-last-child\" data-index=\"1\" ><div\n\t\t\t\n\t\t\tclass=\"so-widget-sow-hero so-widget-sow-hero-default-72a45303015a-976 so-widget-fittext-wrapper\"\n\t\t\t data-fit-text-compressor=\"0.85\"\n\t\t>\t\t\t\t<div class=\"sow-slider-base\" style=\"display: none\" tabindex=\"0\">\n\t\t\t\t\t<ul\n\t\t\t\t\tclass=\"sow-slider-images\"\n\t\t\t\t\tdata-settings=\"{&quot;pagination&quot;:true,&quot;speed&quot;:800,&quot;timeout&quot;:8000,&quot;paused&quot;:false,&quot;pause_on_hover&quot;:false,&quot;swipe&quot;:true,&quot;nav_always_show_desktop&quot;:&quot;&quot;,&quot;nav_always_show_mobile&quot;:&quot;&quot;,&quot;breakpoint&quot;:&quot;780px&quot;,&quot;unmute&quot;:false,&quot;anchor&quot;:null}\"\n\t\t\t\t\t\t\t\t\t\tdata-anchor-id=\"\"\n\t\t\t\t>\t\t<li class=\"sow-slider-image  sow-slider-image-cover\" style=\"visibility: visible;;background-color: #413c35\" >\n\t\t\t\t\t<div class=\"sow-slider-image-container\">\n\t\t\t<div class=\"sow-slider-image-wrapper\">\n\t\t\t\t<h1 style=\"text-align: center\">C'est parti pour la Normandie !<\/h1><h2 style=\"text-align: center\">12-16 ans<\/h2><div class=\"sow-hero-buttons\" style=\"text-align: center\"><div\n\t\t\t\n\t\t\tclass=\"so-widget-sow-button so-widget-sow-button-flat-6445e02dfff1\"\n\t\t\t\n\t\t><div class=\"ow-button-base ow-button-align-center\"\n>\n\t\t\t<a\n\t\t\t\t\thref=\"https:\/\/ucjgalsace.org\/cms\/pre-inscription-a-un-camp\/\"\n\t\t\t\t\tclass=\"sowb-button ow-icon-placement-left ow-button-hover\" \t>\n\t\t<span>\n\t\t\t<span class=\"sow-icon-fontawesome sow-fas\" data-sow-icon=\"&#xf105;\"\n\t\tstyle=\"color: #ffffff\" \n\t\taria-hidden=\"true\"><\/span>\n\t\t\tPr\u00e9-inscrire mon enfant\t\t<\/span>\n\t\t\t<\/a>\n\t<\/div>\n<\/div><\/div>\t\t\t<\/div>\n\t\t<\/div>\n\t\t<div class=\"sow-slider-image-overlay sow-slider-image-cover\" style=\"opacity: 0.6;background-image: url(https:\/\/ucjgalsace.org\/cms\/wp-content\/uploads\/2017\/02\/2016_camp_joubert_12.jpg)\"  ><\/div>\t\t<\/li>\n\t\t<\/ul>\t\t\t\t<ol class=\"sow-slider-pagination\">\n\t\t\t\t\t\t\t\t\t\t\t<li><a href=\"#\" data-goto=\"0\" aria-label=\"Display slide 1\"><\/a><\/li>\n\t\t\t\t\t\t\t\t\t<\/ol>\n\n\t\t\t\t<div class=\"sow-slide-nav sow-slide-nav-next\">\n\t\t\t\t\t<a href=\"#\" data-goto=\"next\" aria-label=\"Next slide\" data-action=\"next\">\n\t\t\t\t\t\t<em class=\"sow-sld-icon-thin-right\"><\/em>\n\t\t\t\t\t<\/a>\n\t\t\t\t<\/div>\n\n\t\t\t\t<div class=\"sow-slide-nav sow-slide-nav-prev\">\n\t\t\t\t\t<a href=\"#\" data-goto=\"previous\" aria-label=\"Previous slide\" data-action=\"prev\">\n\t\t\t\t\t\t<em class=\"sow-sld-icon-thin-left\"><\/em>\n\t\t\t\t\t<\/a>\n\t\t\t\t<\/div>\n\t\t\t\t<\/div><\/div><\/div><\/div><\/div><\/div><div id=\"pg-976-2\"  class=\"panel-grid panel-has-style\" ><div class=\"panel-row-style panel-row-style-for-976-2\" ><div id=\"pgc-976-2-0\"  class=\"panel-grid-cell\" ><div id=\"panel-976-2-0-0\" class=\"so-panel widget widget_sow-headline panel-first-child\" data-index=\"2\" ><div\n\t\t\t\n\t\t\tclass=\"so-widget-sow-headline so-widget-sow-headline-default-1d936ec09525-976\"\n\t\t\t\n\t\t><div class=\"sow-headline-container \">\n\t\t\t\t\t\t\t<h1 class=\"sow-headline\">\n\t\t\t\t\t\tC'est parti pour la Normandie !\t\t\t\t\t\t<\/h1>\n\t\t\t\t\t\t<\/div>\n<\/div><\/div><div id=\"panel-976-2-0-1\" class=\"so-panel widget widget_sow-editor\" data-index=\"3\" ><div\n\t\t\t\n\t\t\tclass=\"so-widget-sow-editor so-widget-sow-editor-base\"\n\t\t\t\n\t\t>\n<div class=\"siteorigin-widget-tinymce textwidget\">\n\t<p style=\"text-align: justify;\">Es-tu pr\u00eat \u00e0 vivre une nouvelle aventure franco-allemande ? Cette ann\u00e9e nous irons en Normandie, au bord de La Manche pour percer tous les secrets de cette r\u00e9gion, apprendre \u00e0 nous conna\u00eetre et vivre de superbes vacances tous ensemble !<br \/>Parce que ton avis compte et que ta place est parmi nous, tu auras l\u2019occasion de prendre part aux d\u00e9cisions pour le groupe. Au programme : kayak sur la mer, fabrication de cerfs-volants, jeux, baignade, visite du Mont Saint Michel... et tes id\u00e9es ! Ces nombreuses activit\u00e9s culturelles et sportives avec de nouveaux amis rendront tes vacances inoubliables.<br \/>Que tu aies de connaissances linguistiques en allemand, ou non, ta place est avec nous ! Sans m\u00eame te rendre compte, tu feras des progr\u00e8s en langue allemande et tu seras fi\u00e8re de faire d\u00e9couvrir ta langue et ta culture aux participants allemands. <br \/>C\u2019est parti pour la Normandie !<\/p>\n<p>\u00a0<\/p>\n<\/div>\n<\/div><\/div><div id=\"panel-976-2-0-2\" class=\"so-panel widget widget_sow-features panel-last-child\" data-index=\"4\" ><div\n\t\t\t\n\t\t\tclass=\"so-widget-sow-features so-widget-sow-features-default-efe2baf65fd3-976\"\n\t\t\t\n\t\t><ul\n\tclass=\"sow-features-list\n\tsow-features-responsive\">\n\n\t\t\t<li\n\t\t\tclass=\"sow-features-feature sow-icon-container-position-top\"\n\t\t\tstyle=\"display: flex; flex-direction: column; width: calc(33.333% - 25px);\"\n\t\t>\n\t\t\t\n\t\t\t\t\t\t<div\t\t\t\tclass=\"sow-icon-container sow-container-round\"\n\t\t\t\tstyle=\"color: #edb347; \"\n\t\t\t\t\n\t\t\t\t\t\t\t>\n\t\t\t\t<span class=\"sow-icon-fontawesome sow-fas\" data-sow-icon=\"&#xf041;\"\n\t\tstyle=\"font-size: 40px; color: #FFFFFF\" \n\t\taria-hidden=\"true\"><\/span>\t\t\t<\/div>\n\n\t\t\t<div class=\"textwidget\">\n\t\t\t\t\n\t\t\t\t\n\t\t\t\t\t\t\t\t\t<div class=\"sow-features-feature-text\">\n\t\t\t\t\tLe Core, 50230 Agon-Coutainville\t\t\t\t\t<\/div>\n\t\t\t\t\t\t\t\t<\/div>\n\t\t\t\t\t\t\t\t<\/li>\n\n\t\t\t<li\n\t\t\tclass=\"sow-features-feature sow-icon-container-position-top\"\n\t\t\tstyle=\"display: flex; flex-direction: column; width: calc(33.333% - 25px);\"\n\t\t>\n\t\t\t\n\t\t\t\t\t\t<div\t\t\t\tclass=\"sow-icon-container sow-container-round\"\n\t\t\t\tstyle=\"color: #edb347; \"\n\t\t\t\t\n\t\t\t\t\t\t\t>\n\t\t\t\t\t\t\t<\/div>\n\n\t\t\t<div class=\"textwidget\">\n\t\t\t\t\n\t\t\t\t\n\t\t\t\t\t\t\t\t\t<div class=\"sow-features-feature-text\">\n\t\t\t\t\tDu 8 au 19 juillet 2018\t\t\t\t\t<\/div>\n\t\t\t\t\t\t\t\t<\/div>\n\t\t\t\t\t\t\t\t<\/li>\n\n\t\t\t<li\n\t\t\tclass=\"sow-features-feature sow-icon-container-position-top\"\n\t\t\tstyle=\"display: flex; flex-direction: column; width: calc(33.333% - 25px);\"\n\t\t>\n\t\t\t\n\t\t\t\t\t\t<div\t\t\t\tclass=\"sow-icon-container sow-container-round\"\n\t\t\t\tstyle=\"color: #edb347; \"\n\t\t\t\t\n\t\t\t\t\t\t\t>\n\t\t\t\t<span class=\"sow-icon-fontawesome sow-fas\" data-sow-icon=\"&#xf0c0;\"\n\t\tstyle=\"font-size: 40px; color: #FFFFFF\" \n\t\taria-hidden=\"true\"><\/span>\t\t\t<\/div>\n\n\t\t\t<div class=\"textwidget\">\n\t\t\t\t\n\t\t\t\t\n\t\t\t\t\t\t\t\t\t<div class=\"sow-features-feature-text\">\n\t\t\t\t\t30 jeunes de 12 \u00e0 16 ans (15 Fran\u00e7ais, 15 Allemands)\t\t\t\t\t<\/div>\n\t\t\t\t\t\t\t\t<\/div>\n\t\t\t\t\t\t\t\t<\/li>\n\n\t\t\t<li\n\t\t\tclass=\"sow-features-feature sow-icon-container-position-top\"\n\t\t\tstyle=\"display: flex; flex-direction: column; width: calc(33.333% - 25px);\"\n\t\t>\n\t\t\t\n\t\t\t\t\t\t<div\t\t\t\tclass=\"sow-icon-container sow-container-round\"\n\t\t\t\tstyle=\"color: #edb347; \"\n\t\t\t\t\n\t\t\t\t\t\t\t>\n\t\t\t\t<span class=\"sow-icon-fontawesome sow-fas\" data-sow-icon=\"&#xf1c0;\"\n\t\tstyle=\"font-size: 40px; color: #FFFFFF\" \n\t\taria-hidden=\"true\"><\/span>\t\t\t<\/div>\n\n\t\t\t<div class=\"textwidget\">\n\t\t\t\t\n\t\t\t\t\n\t\t\t\t\t\t\t\t\t<div class=\"sow-features-feature-text\">\n\t\t\t\t\t480\u20ac (Transport \u00e0 partir de Strasbourg compris)\t\t\t\t\t<\/div>\n\t\t\t\t\t\t\t\t<\/div>\n\t\t\t\t\t\t\t\t<\/li>\n\n\t\t\t<li\n\t\t\tclass=\"sow-features-feature sow-icon-container-position-top\"\n\t\t\tstyle=\"display: flex; flex-direction: column; width: calc(33.333% - 25px);\"\n\t\t>\n\t\t\t\n\t\t\t\t\t\t<div\t\t\t\tclass=\"sow-icon-container sow-container-round\"\n\t\t\t\tstyle=\"color: #edb347; \"\n\t\t\t\t\n\t\t\t\t\t\t\t>\n\t\t\t\t<span class=\"sow-icon-fontawesome sow-fas\" data-sow-icon=\"&#xf236;\"\n\t\tstyle=\"font-size: 40px; color: #FFFFFF\" \n\t\taria-hidden=\"true\"><\/span>\t\t\t<\/div>\n\n\t\t\t<div class=\"textwidget\">\n\t\t\t\t\n\t\t\t\t\n\t\t\t\t\t\t\t\t\t<div class=\"sow-features-feature-text\">\n\t\t\t\t\tEn chambres \u00e0 partager\t\t\t\t\t<\/div>\n\t\t\t\t\t\t\t\t<\/div>\n\t\t\t\t\t\t\t\t<\/li>\n\n\t\t\t<li\n\t\t\tclass=\"sow-features-feature sow-icon-container-position-top\"\n\t\t\tstyle=\"display: flex; flex-direction: column; width: calc(33.333% - 25px);\"\n\t\t>\n\t\t\t\n\t\t\t\t\t\t<div\t\t\t\tclass=\"sow-icon-container sow-container-round\"\n\t\t\t\tstyle=\"color: #edb347; \"\n\t\t\t\t\n\t\t\t\t\t\t\t>\n\t\t\t\t<span class=\"sow-icon-fontawesome sow-fas\" data-sow-icon=\"&#xf207;\"\n\t\tstyle=\"font-size: 40px; color: #FFFFFF\" \n\t\taria-hidden=\"true\"><\/span>\t\t\t<\/div>\n\n\t\t\t<div class=\"textwidget\">\n\t\t\t\t\n\t\t\t\t\n\t\t\t\t\t\t\t\t\t<div class=\"sow-features-feature-text\">\n\t\t\t\t\tTransport en car au d\u00e9part de Strasbourg\t\t\t\t\t<\/div>\n\t\t\t\t\t\t\t\t<\/div>\n\t\t\t\t\t\t\t\t<\/li>\n\n\t<\/ul>\n<\/div><\/div><\/div><\/div><\/div><div id=\"pg-976-3\"  class=\"panel-grid panel-no-style\" ><div id=\"pgc-976-3-0\"  class=\"panel-grid-cell\" ><div id=\"panel-976-3-0-0\" class=\"so-panel widget widget_sow-button panel-first-child panel-last-child\" data-index=\"5\" ><div\n\t\t\t\n\t\t\tclass=\"so-widget-sow-button so-widget-sow-button-wire-a2a6b42493e1-976\"\n\t\t\t\n\t\t><div class=\"ow-button-base ow-button-align-center\"\n>\n\t\t\t<a\n\t\t\t\t\thref=\"http:\/\/ucjgalsace.org\/cms\/wp-content\/uploads\/2018\/04\/fiche-dinscription-camps-jeunes-2018V2.pdf\"\n\t\t\t\t\tclass=\"sowb-button ow-icon-placement-left ow-button-hover\" target=\"_blank\" rel=\"noopener noreferrer\" \t>\n\t\t<span>\n\t\t\t<span class=\"sow-icon-fontawesome sow-fas\" data-sow-icon=\"&#xf105;\"\n\t\tstyle=\"\" \n\t\taria-hidden=\"true\"><\/span>\n\t\t\tT\u00e9l\u00e9charger la fiche d'inscription\t\t<\/span>\n\t\t\t<\/a>\n\t<\/div>\n<\/div><\/div><\/div><div id=\"pgc-976-3-1\"  class=\"panel-grid-cell panel-grid-cell-mobile-last\" ><div id=\"panel-976-3-1-0\" class=\"so-panel widget widget_sow-button panel-first-child panel-last-child\" data-index=\"6\" ><div\n\t\t\t\n\t\t\tclass=\"so-widget-sow-button so-widget-sow-button-wire-a2a6b42493e1-976\"\n\t\t\t\n\t\t><div class=\"ow-button-base ow-button-align-center\"\n>\n\t\t\t<a\n\t\t\t\t\thref=\"http:\/\/ucjgalsace.org\/cms\/wp-content\/uploads\/2018\/03\/Franco-Allemand-normandie.pdf\"\n\t\t\t\t\tclass=\"sowb-button ow-icon-placement-left ow-button-hover\" target=\"_blank\" rel=\"noopener noreferrer\" \t>\n\t\t<span>\n\t\t\t<span class=\"sow-icon-fontawesome sow-fas\" data-sow-icon=\"&#xf105;\"\n\t\tstyle=\"\" \n\t\taria-hidden=\"true\"><\/span>\n\t\t\tT\u00e9l\u00e9charger le flyer\t\t<\/span>\n\t\t\t<\/a>\n\t<\/div>\n<\/div><\/div><\/div><div id=\"pgc-976-3-2\"  class=\"panel-grid-cell panel-grid-cell-empty\" ><\/div><\/div><div id=\"pg-976-4\"  class=\"panel-grid panel-no-style\" ><div id=\"pgc-976-4-0\"  class=\"panel-grid-cell\" ><div id=\"panel-976-4-0-0\" class=\"so-panel widget widget_sow-image panel-first-child panel-last-child\" data-index=\"7\" ><div\n\t\t\t\n\t\t\tclass=\"so-widget-sow-image so-widget-sow-image-default-8b5b6f678277-976\"\n\t\t\t\n\t\t>\n<div class=\"sow-image-container\">\n\t\t<img \n\tsrc=\"https:\/\/ucjgalsace.org\/cms\/wp-content\/uploads\/2017\/02\/ofaj-dfjw.png\" width=\"580\" height=\"443\" srcset=\"https:\/\/ucjgalsace.org\/cms\/wp-content\/uploads\/2017\/02\/ofaj-dfjw.png 580w, https:\/\/ucjgalsace.org\/cms\/wp-content\/uploads\/2017\/02\/ofaj-dfjw-420x321.png 420w\" sizes=\"(max-width: 580px) 100vw, 580px\" alt=\"\" \t\tclass=\"so-widget-image\"\/>\n\t<\/div>\n\n<\/div><\/div><\/div><div id=\"pgc-976-4-1\"  class=\"panel-grid-cell\" ><div id=\"panel-976-4-1-0\" class=\"so-panel widget widget_sow-editor panel-first-child\" data-index=\"8\" ><div\n\t\t\t\n\t\t\tclass=\"so-widget-sow-editor so-widget-sow-editor-base\"\n\t\t\t\n\t\t>\n<div class=\"siteorigin-widget-tinymce textwidget\">\n\t<p>Soutien de l'Office Franco-Allemand pour la Jeunesse<\/p>\n<p>\u00a0<\/p>\n<p>\u00a0<\/p>\n<\/div>\n<\/div><\/div><div id=\"panel-976-4-1-1\" class=\"so-panel widget widget_sow-editor panel-last-child\" data-index=\"9\" ><div\n\t\t\t\n\t\t\tclass=\"so-widget-sow-editor so-widget-sow-editor-base\"\n\t\t\t\n\t\t>\n<div class=\"siteorigin-widget-tinymce textwidget\">\n\t<p>Agr\u00e9ments: Jeunesse et Sports, et \u00c9ducation Populaire<\/p>\n<p>\u00a0<\/p>\n<p>\u00a0<\/p>\n<\/div>\n<\/div><\/div><\/div><\/div><\/div><!-- AddThis Advanced Settings generic via filter on the_content --><!-- AddThis Share Buttons generic via filter on the_content -->","protected":false},"excerpt":{"rendered":"<p>Les YMCA-UCJG Alsace pr\u00e9sentent\u00a0<!-- AddThis Advanced Settings generic via filter on get_the_excerpt --><!-- AddThis Share Buttons generic via filter on get_the_excerpt --><\/p>\n","protected":false},"author":4,"featured_media":1276,"parent":774,"menu_order":0,"comment_status":"closed","ping_status":"closed","template":"","meta":{"jetpack_post_was_ever_published":false,"footnotes":""},"class_list":["post-976","page","type-page","status-publish","has-post-thumbnail","hentry"],"jetpack_sharing_enabled":true,"jetpack_shortlink":"https:\/\/wp.me\/P8nbU3-fK","_links":{"self":[{"href":"https:\/\/ucjgalsace.org\/cms\/wp-json\/wp\/v2\/pages\/976","targetHints":{"allow":["GET"]}}],"collection":[{"href":"https:\/\/ucjgalsace.org\/cms\/wp-json\/wp\/v2\/pages"}],"about":[{"href":"https:\/\/ucjgalsace.org\/cms\/wp-json\/wp\/v2\/types\/page"}],"author":[{"embeddable":true,"href":"https:\/\/ucjgalsace.org\/cms\/wp-json\/wp\/v2\/users\/4"}],"replies":[{"embeddable":true,"href":"https:\/\/ucjgalsace.org\/cms\/wp-json\/wp\/v2\/comments?post=976"}],"version-history":[{"count":15,"href":"https:\/\/ucjgalsace.org\/cms\/wp-json\/wp\/v2\/pages\/976\/revisions"}],"predecessor-version":[{"id":1341,"href":"https:\/\/ucjgalsace.org\/cms\/wp-json\/wp\/v2\/pages\/976\/revisions\/1341"}],"up":[{"embeddable":true,"href":"https:\/\/ucjgalsace.org\/cms\/wp-json\/wp\/v2\/pages\/774"}],"wp:featuredmedia":[{"embeddable":true,"href":"https:\/\/ucjgalsace.org\/cms\/wp-json\/wp\/v2\/media\/1276"}],"wp:attachment":[{"href":"https:\/\/ucjgalsace.org\/cms\/wp-json\/wp\/v2\/media?parent=976"}],"curies":[{"name":"wp","href":"https:\/\/api.w.org\/{rel}","templated":true}]}}